{"id":3426,"date":"2016-11-19T01:17:26","date_gmt":"2016-11-19T01:17:26","guid":{"rendered":"http:\/\/www.strapp.de\/wordpress\/?page_id=3426"},"modified":"2023-04-10T21:20:20","modified_gmt":"2023-04-10T21:20:20","slug":"suedwesteuropa-mit-dem-roller-etappe-8","status":"publish","type":"page","link":"https:\/\/strapp.de\/blog\/suedwesteuropa-mit-dem-roller-etappe-8\/","title":{"rendered":"S\u00fcdwesteuropa mit dem Roller: Etappe 8"},"content":{"rendered":"<span style=\"font-family: courier new,courier; font-size: 24pt;\">Sevilla bis Ll\u00edria<\/span>\r\n<br class=\"\u201cclear\u201d\"><span style=\"font-size: 16pt;\">Meine weitere Fahrtroute verlief \u00fcber <a href=\"https:\/\/de.wikipedia.org\/wiki\/Jerez_de_la_Frontera\"><em>Jerez de la Frontera<\/em><\/a> und <em>Puerto Real<\/em> nach<a href=\"https:\/\/de.wikipedia.org\/wiki\/Tarifa\"><em>Tarifa<\/em><\/a>. Durch hitzeflimmernde ausgetrocknete Landschaften, erst am Meer lie\u00df die unglaubliche Hitze nach.<\/span>\r\n<br class=\"\u201cclear\u201d\"><span style=\"font-size: 16pt;\">Schon einige Kilometer vor Tarifa ist links und rechts der &#8222;Ruta Nacional&#8220; Surfer- und Partystimmung. Im Restaurant a\u00df ich einen &#8222;<em>Atlantischen Garten<\/em>&#8220; inmitten von G\u00e4sten in Cocktail-Party-Abendsaufgebretzeltangezogen-Stimmung.<\/span>\r\n<br class=\"\u201cclear\u201d\"><span style=\"font-size: 16pt;\">Die erste k\u00fchle Nacht seit Wochen.<\/span>\r\n<br class=\"\u201cclear\u201d\"><span style=\"font-size: 16pt;\">Der Wind bl\u00e4st hier so stark, wie ich auch es vor 33 Jahren erlebt hatte. Der Roller schwankte, ich musste auf 40 Stundenkilometer heruntergehen und mich stark konzentrieren, um nicht von den B\u00f6en von der Stra\u00dfe geweht zu werden.<\/span>\r\n<br class=\"\u201cclear\u201d\"><span style=\"font-size: 16pt;\">Riesige Windr\u00e4derfelder stehen jetzt hier \u00fcber mehrere Quadratkilometer dicht nebeneinander.<\/span>\r\n<br class=\"\u201cclear\u201d\"><span style=\"font-size: 16pt;\">Von <em>Tarifa<\/em> bis<em> Nerja<\/em> gibt es praktisch keine Alternative zu Schnellstra\u00dfe und Autobahn. Die Route meiner Radreise von 1983 ist heute de facto nicht mehr machbar, Radfahren ist nicht vorgesehen im hiesigen Verkehrswegeplan.\r\n<br class=\u201cclear\u201d \/>\r\n<br class=\u201cclear\u201d \/>\r\n Bei <em>Estepona <\/em>beginnt eine Art Stadtautobahn, die bis hinter <em>M\u00e1laga<\/em> reicht. \u00dcberwiegend bebautes Gebiet, mit vorgeschrieben 80 km\/h H\u00f6chstgeschwindigkeit, die ich als einziger einhalte.<\/span>\r\n<br class=\"\u201cclear\u201d\"><span style=\"font-size: 16pt;\">Die anderen fahren 130.<\/span>\r\n<br class=\u201cclear\u201d \/>\r\n<br class=\"\u201cclear\u201d\"><span style=\"font-size: 16pt;\">Dann beginnen links und und rechts von <em><a href=\"https:\/\/de.wikipedia.org\/wiki\/Torre_del_Mar\">Torre del Ma<\/a>r<\/em> die Bettenburgen: Links der Bettenburgbetonklotz, direkt daneben die Hauptstra\u00dfe, und rechts neben der Stra\u00dfe der Strand. Viele Kilometer weit, mit die Stra\u00dfe \u00fcberquerenden Touristen. Nur hinter Gibraltar und kurz vor <em>Nerja<\/em>, als ich die Schauze voll hatte von der Autobahn und den ohne seitlichen Abstand \u00fcberholenden Autos, war die Strecke sch\u00f6n. Der Rest war harte Arbeit, und fast 7 Stunden Fahrerei brachten nur 225 km ein.<\/span>\r\n<br class=\"\u201cclear\u201d\"><span style=\"font-size: 16pt;\">Inzwischen ist die 5.000 km-Marke \u00fcberschritten.<\/span>\r\n<br class=\u201cclear\u201d \/>\r\n<br class=\"\u201cclear\u201d\"><span style=\"font-size: 16pt;\">In <a href=\"https:\/\/de.wikipedia.org\/wiki\/Nerja\"><em>Nerja<\/em><\/a> hatte ich das Gef\u00fchl: Mir reichts. Nicht noch mal 1000 km solche Strecken. Auch stimmt das Preis-Leistungs-Verh\u00e4ltnis bei den Unterk\u00fcnften hier nicht (Essen allerdings ist sehr preiswert).<\/span>\r\n<br class=\"\u201cclear\u201d\"><span style=\"font-size: 16pt;\">Die ewigen Meersfr\u00fcchte, insbesondere die Muscheln, hinterlassen am n\u00e4chsten Tag zum Teil ein vages Bauchgef\u00fchl. Man m\u00fcsste jedesmal nach dem Essen ein paar Schn\u00e4pse auf die Viecher gie\u00dfen.<\/span>\r\n<br class=\"\u201cclear\u201d\"><span style=\"font-size: 16pt;\">Ich entschloss mich dazu, die K\u00fcste ganz zu verlassen und \u00fcber <em>Granada <\/em>ins Landesinnere auszuweichen. Am fast verkehrslosen Sonntagvormittag fuhr ich erst die K\u00fcste entlang und dann durch sch\u00f6ne Landschaft bergauf. Hinter <a href=\"https:\/\/de.wikipedia.org\/wiki\/Granada\"><em>Granada <\/em><\/a>begann die Hitze.<\/span>\r\n\r\n<span style=\"font-size: 16pt;\">ngg_shortcode_0_placeholder<\/span>\r\n\r\n<span style=\"font-size: 16pt;\">Die Fahrt dorthin ging durch das gr\u00f6\u00dfte Olivenanbaugebiet Europas, gesch\u00e4tzt 150 km durch Olivenhaine, Oliven weit und breit, das m\u00fcssen hunderte Quadratkilometer sein. Wie das geerntet werden soll, kann ich mir \u00fcberhaupt nicht vorstellen. Schmale kurvige Str\u00e4\u00dfchen, nur etwa alle halbe Stunde begegnet mir ein Fahrzeug. Gl\u00fchende Hitze. Schattenlos; die Olivenstr\u00e4ucher spenden so gut wie keinen Schatten. Die Stra\u00dfe stundenlang schattenlos. Hier h\u00e4tte ich nicht gerne eine Panne gehabt. Nach acht Stunden Rollerfahren hatte ich das deutliche Gef\u00fchl, dass linke und rechte Hand am Lenker nicht auf gleicher H\u00f6he sind, sondern dass die rechte Hand mit dem Gasgriff etwa 10 cm tiefer liegt.<\/span>\r\n\r\n<span style=\"font-size: 16pt;\">In <em>Beas de Segura,<\/em> zwischen<em> Granada <\/em>und<em> Albacete, <\/em>hatte es um 20 Uhr noch 36 \u00b0C. Ich kam ausgetrocknet an, da einerseits durch den Fahrtwind kein so starkes Hitze- und Durstgef\u00fchl aufkommt, und andererseits gerade durch den Fahrtwind eine starke Austrocknung erfolgt, und ich hatte wieder mal die sonnt\u00e4gliche Unm\u00f6glichkeit des Einkaufens \u00fcbersehen und musste mit einem Liter Eistee und 0,33 L Dosenbier auskommen.<\/span>\r\n<br class=\"\u201cclear\u201d\"><span style=\"font-size: 16pt;\">Im Restaurant in <em>Beas <\/em>hob ich den Fl\u00fcssigkeitspegel wieder.<\/span>\r\n<br class=\"\u201cclear\u201d\"><span style=\"font-size: 16pt;\">\u00dcber die jeweiligen \u00dcbernachtungspl\u00e4tze m\u00fcsste ein ein separater Bericht erfolgen, das w\u00fcrde hier den Rahmen sprengen. Nur so viel sei gesagt: Das ist extrem unterschiedlich, von 4-Sterne-Hotels \u00fcber Landgasth\u00f6fe, Fernfahrerhotels bis hin zu einfachen Absteigen: Jeder Tag anders, wie auch die jeweilige Fahrt. Hier in <em>Beas<\/em> ist es ruhig, nur die Grillen zirpen, und der n\u00e4chtliche Sternenhimmel ist nahezu lichtunverschmutzt.<\/span>\r\n<br class=\"\u201cclear\u201d\"><span style=\"font-size: 16pt;\">In der Provinz <em>Kastilien\/La Mancha <\/em>herrschte am n\u00e4chsten Tag wieder eine gnadenlose Hitze von 38 \u00b0C unter einem wolkenlosen Himmel. \u00dcberwiegend verkehrsarme kurvenreiche gut asphaltierte Stra\u00dfen bis <a href=\"https:\/\/de.wikipedia.org\/wiki\/Ll%C3%ADria\"><em>Ll\u00edria<\/em><\/a>, eine sehr sch\u00f6ne Rollerfahrt, w\u00e4re nicht die l\u00e4hmende Hitze im wieder schattenlosen Land. Erst nach Verlassen der <em>Sierra Martes <\/em>lie\u00df die Hitze gegen Abend nach.<\/span>\r\n<br class=\"\u201cclear\u201d\"><br class=\"\u201cclear\u201d\"><span style=\"font-family: courier new,courier; font-size: 20pt;\"><a href=\"http:\/\/www.strapp.de\/wordpress\/suedwesteuropa-mit-dem-roller-etappe-9\/\">Zum neunten Teil: Ll\u00edria bis Cerb\u00e9re<\/a><\/span>","protected":false},"excerpt":{"rendered":"Sevilla bis Ll\u00edria Meine weitere Fahrtroute verlief \u00fcber Jerez de la Frontera und Puerto Real nachTarifa. Durch hitzeflimmernde ausgetrocknete Landschaften, erst am Meer lie\u00df die unglaubliche Hitze nach. Schon einige Kilometer vor Tarifa ist links und rechts der &#8222;Ruta Nacional&#8220; &hellip; <a href=\"https:\/\/strapp.de\/blog\/suedwesteuropa-mit-dem-roller-etappe-8\/\">Weiterlesen <span class=\"meta-nav\">&rarr;<\/span><\/a>","protected":false},"author":1,"featured_media":0,"parent":0,"menu_order":801,"comment_status":"closed","ping_status":"closed","template":"","meta":{"ngg_post_thumbnail":0,"footnotes":""},"class_list":["post-3426","page","type-page","status-publish","hentry"],"yoast_head":"<!-- This site is optimized with the Yoast SEO plugin v27.4 - https:\/\/yoast.com\/product\/yoast-seo-wordpress\/ -->\n<title>S\u00fcdwesteuropa mit dem Roller: Etappe 8\/Sevilla bis Lliria<\/title>\n<meta name=\"robots\" content=\"index, follow, max-snippet:-1, max-image-preview:large, max-video-preview:-1\" \/>\n<link rel=\"canonical\" href=\"https:\/\/strapp.de\/blog\/suedwesteuropa-mit-dem-roller-etappe-8\/\" \/>\n<meta property=\"og:locale\" content=\"de_DE\" \/>\n<meta property=\"og:type\" content=\"article\" \/>\n<meta property=\"og:title\" content=\"S\u00fcdwesteuropa mit dem Roller: Etappe 8\/Sevilla bis Lliria\" \/>\n<meta property=\"og:description\" content=\"Sevilla bis Ll\u00edria Meine weitere Fahrtroute verlief \u00fcber Jerez de la Frontera und Puerto Real nachTarifa. Durch hitzeflimmernde ausgetrocknete Landschaften, erst am Meer lie\u00df die unglaubliche Hitze nach. Schon einige Kilometer vor Tarifa ist links und rechts der &#8222;Ruta Nacional&#8220; &hellip; Weiterlesen &rarr;\" \/>\n<meta property=\"og:url\" content=\"https:\/\/strapp.de\/blog\/suedwesteuropa-mit-dem-roller-etappe-8\/\" \/>\n<meta property=\"og:site_name\" content=\"strappradblog\" \/>\n<meta property=\"article:modified_time\" content=\"2023-04-10T21:20:20+00:00\" \/>\n<meta name=\"twitter:card\" content=\"summary_large_image\" \/>\n<meta name=\"twitter:label1\" content=\"Gesch\u00e4tzte Lesezeit\" \/>\n\t<meta name=\"twitter:data1\" content=\"4\u00a0Minuten\" \/>\n<script type=\"application\/ld+json\" class=\"yoast-schema-graph\">{\"@context\":\"https:\\\/\\\/schema.org\",\"@graph\":[{\"@type\":\"WebPage\",\"@id\":\"https:\\\/\\\/strapp.de\\\/blog\\\/suedwesteuropa-mit-dem-roller-etappe-8\\\/\",\"url\":\"https:\\\/\\\/strapp.de\\\/blog\\\/suedwesteuropa-mit-dem-roller-etappe-8\\\/\",\"name\":\"S\u00fcdwesteuropa mit dem Roller: Etappe 8\\\/Sevilla bis Lliria\",\"isPartOf\":{\"@id\":\"https:\\\/\\\/strapp.de\\\/blog\\\/#website\"},\"datePublished\":\"2016-11-19T01:17:26+00:00\",\"dateModified\":\"2023-04-10T21:20:20+00:00\",\"breadcrumb\":{\"@id\":\"https:\\\/\\\/strapp.de\\\/blog\\\/suedwesteuropa-mit-dem-roller-etappe-8\\\/#breadcrumb\"},\"inLanguage\":\"de\",\"potentialAction\":[{\"@type\":\"ReadAction\",\"target\":[\"https:\\\/\\\/strapp.de\\\/blog\\\/suedwesteuropa-mit-dem-roller-etappe-8\\\/\"]}]},{\"@type\":\"BreadcrumbList\",\"@id\":\"https:\\\/\\\/strapp.de\\\/blog\\\/suedwesteuropa-mit-dem-roller-etappe-8\\\/#breadcrumb\",\"itemListElement\":[{\"@type\":\"ListItem\",\"position\":1,\"name\":\"Startseite\",\"item\":\"https:\\\/\\\/www.strapp.de\\\/wordpress\\\/\"},{\"@type\":\"ListItem\",\"position\":2,\"name\":\"S\u00fcdwesteuropa mit dem Roller: Etappe 8\"}]},{\"@type\":\"WebSite\",\"@id\":\"https:\\\/\\\/strapp.de\\\/blog\\\/#website\",\"url\":\"https:\\\/\\\/strapp.de\\\/blog\\\/\",\"name\":\"strappradblog\",\"description\":\"siegfried trapp slowblog\",\"publisher\":{\"@id\":\"https:\\\/\\\/strapp.de\\\/blog\\\/#\\\/schema\\\/person\\\/59710c1e63ddfbccb993a17dbeb92abd\"},\"potentialAction\":[{\"@type\":\"SearchAction\",\"target\":{\"@type\":\"EntryPoint\",\"urlTemplate\":\"https:\\\/\\\/strapp.de\\\/blog\\\/?s={search_term_string}\"},\"query-input\":{\"@type\":\"PropertyValueSpecification\",\"valueRequired\":true,\"valueName\":\"search_term_string\"}}],\"inLanguage\":\"de\"},{\"@type\":[\"Person\",\"Organization\"],\"@id\":\"https:\\\/\\\/strapp.de\\\/blog\\\/#\\\/schema\\\/person\\\/59710c1e63ddfbccb993a17dbeb92abd\",\"name\":\"Siegfried Trapp\",\"image\":{\"@type\":\"ImageObject\",\"inLanguage\":\"de\",\"@id\":\"https:\\\/\\\/www.strapp.de\\\/wordpress\\\/wp-content\\\/uploads\\\/2019\\\/10\\\/favi.ico\",\"url\":\"https:\\\/\\\/www.strapp.de\\\/wordpress\\\/wp-content\\\/uploads\\\/2019\\\/10\\\/favi.ico\",\"contentUrl\":\"https:\\\/\\\/www.strapp.de\\\/wordpress\\\/wp-content\\\/uploads\\\/2019\\\/10\\\/favi.ico\",\"width\":16,\"height\":16,\"caption\":\"Siegfried Trapp\"},\"logo\":{\"@id\":\"https:\\\/\\\/www.strapp.de\\\/wordpress\\\/wp-content\\\/uploads\\\/2019\\\/10\\\/favi.ico\"},\"sameAs\":[\"http:\\\/\\\/www.strapp.de\"]}]}<\/script>\n<!-- \/ Yoast SEO plugin. -->","yoast_head_json":{"title":"S\u00fcdwesteuropa mit dem Roller: Etappe 8\/Sevilla bis Lliria","robots":{"index":"index","follow":"follow","max-snippet":"max-snippet:-1","max-image-preview":"max-image-preview:large","max-video-preview":"max-video-preview:-1"},"canonical":"https:\/\/strapp.de\/blog\/suedwesteuropa-mit-dem-roller-etappe-8\/","og_locale":"de_DE","og_type":"article","og_title":"S\u00fcdwesteuropa mit dem Roller: Etappe 8\/Sevilla bis Lliria","og_description":"Sevilla bis Ll\u00edria Meine weitere Fahrtroute verlief \u00fcber Jerez de la Frontera und Puerto Real nachTarifa. Durch hitzeflimmernde ausgetrocknete Landschaften, erst am Meer lie\u00df die unglaubliche Hitze nach. Schon einige Kilometer vor Tarifa ist links und rechts der &#8222;Ruta Nacional&#8220; &hellip; Weiterlesen &rarr;","og_url":"https:\/\/strapp.de\/blog\/suedwesteuropa-mit-dem-roller-etappe-8\/","og_site_name":"strappradblog","article_modified_time":"2023-04-10T21:20:20+00:00","twitter_card":"summary_large_image","twitter_misc":{"Gesch\u00e4tzte Lesezeit":"4\u00a0Minuten"},"schema":{"@context":"https:\/\/schema.org","@graph":[{"@type":"WebPage","@id":"https:\/\/strapp.de\/blog\/suedwesteuropa-mit-dem-roller-etappe-8\/","url":"https:\/\/strapp.de\/blog\/suedwesteuropa-mit-dem-roller-etappe-8\/","name":"S\u00fcdwesteuropa mit dem Roller: Etappe 8\/Sevilla bis Lliria","isPartOf":{"@id":"https:\/\/strapp.de\/blog\/#website"},"datePublished":"2016-11-19T01:17:26+00:00","dateModified":"2023-04-10T21:20:20+00:00","breadcrumb":{"@id":"https:\/\/strapp.de\/blog\/suedwesteuropa-mit-dem-roller-etappe-8\/#breadcrumb"},"inLanguage":"de","potentialAction":[{"@type":"ReadAction","target":["https:\/\/strapp.de\/blog\/suedwesteuropa-mit-dem-roller-etappe-8\/"]}]},{"@type":"BreadcrumbList","@id":"https:\/\/strapp.de\/blog\/suedwesteuropa-mit-dem-roller-etappe-8\/#breadcrumb","itemListElement":[{"@type":"ListItem","position":1,"name":"Startseite","item":"https:\/\/www.strapp.de\/wordpress\/"},{"@type":"ListItem","position":2,"name":"S\u00fcdwesteuropa mit dem Roller: Etappe 8"}]},{"@type":"WebSite","@id":"https:\/\/strapp.de\/blog\/#website","url":"https:\/\/strapp.de\/blog\/","name":"strappradblog","description":"siegfried trapp slowblog","publisher":{"@id":"https:\/\/strapp.de\/blog\/#\/schema\/person\/59710c1e63ddfbccb993a17dbeb92abd"},"potentialAction":[{"@type":"SearchAction","target":{"@type":"EntryPoint","urlTemplate":"https:\/\/strapp.de\/blog\/?s={search_term_string}"},"query-input":{"@type":"PropertyValueSpecification","valueRequired":true,"valueName":"search_term_string"}}],"inLanguage":"de"},{"@type":["Person","Organization"],"@id":"https:\/\/strapp.de\/blog\/#\/schema\/person\/59710c1e63ddfbccb993a17dbeb92abd","name":"Siegfried Trapp","image":{"@type":"ImageObject","inLanguage":"de","@id":"https:\/\/www.strapp.de\/wordpress\/wp-content\/uploads\/2019\/10\/favi.ico","url":"https:\/\/www.strapp.de\/wordpress\/wp-content\/uploads\/2019\/10\/favi.ico","contentUrl":"https:\/\/www.strapp.de\/wordpress\/wp-content\/uploads\/2019\/10\/favi.ico","width":16,"height":16,"caption":"Siegfried Trapp"},"logo":{"@id":"https:\/\/www.strapp.de\/wordpress\/wp-content\/uploads\/2019\/10\/favi.ico"},"sameAs":["http:\/\/www.strapp.de"]}]}},"_links":{"self":[{"href":"https:\/\/strapp.de\/blog\/wp-json\/wp\/v2\/pages\/3426","targetHints":{"allow":["GET"]}}],"collection":[{"href":"https:\/\/strapp.de\/blog\/wp-json\/wp\/v2\/pages"}],"about":[{"href":"https:\/\/strapp.de\/blog\/wp-json\/wp\/v2\/types\/page"}],"author":[{"embeddable":true,"href":"https:\/\/strapp.de\/blog\/wp-json\/wp\/v2\/users\/1"}],"replies":[{"embeddable":true,"href":"https:\/\/strapp.de\/blog\/wp-json\/wp\/v2\/comments?post=3426"}],"version-history":[{"count":29,"href":"https:\/\/strapp.de\/blog\/wp-json\/wp\/v2\/pages\/3426\/revisions"}],"predecessor-version":[{"id":6147,"href":"https:\/\/strapp.de\/blog\/wp-json\/wp\/v2\/pages\/3426\/revisions\/6147"}],"wp:attachment":[{"href":"https:\/\/strapp.de\/blog\/wp-json\/wp\/v2\/media?parent=3426"}],"curies":[{"name":"wp","href":"https:\/\/api.w.org\/{rel}","templated":true}]}}