{"id":1835,"date":"2015-08-25T15:55:42","date_gmt":"2015-08-25T15:55:42","guid":{"rendered":"http:\/\/www.strapp.de\/wordpress\/?page_id=1835"},"modified":"2025-04-18T08:16:49","modified_gmt":"2025-04-18T08:16:49","slug":"startseite-limes-radweg","status":"publish","type":"page","link":"https:\/\/strapp.de\/blog\/startseite-limes-radweg\/","title":{"rendered":"Startseite Limes-Radweg"},"content":{"rendered":"<a href=\"http:\/\/www.strapp.de\/wordpress\/wp-content\/uploads\/2015\/08\/Limesradweg.png\"><img loading=\"lazy\" decoding=\"async\" class=\"alignnone size-thumbnail wp-image-2180\" src=\"http:\/\/www.strapp.de\/wordpress\/wp-content\/uploads\/2015\/08\/Limesradweg-150x150.png\" alt=\"Limesradweg\" width=\"150\" height=\"150\"><\/a>&nbsp;&nbsp;&nbsp;&nbsp; <a href=\"http:\/\/www.strapp.de\/wordpress\/wp-content\/uploads\/2015\/08\/P1010628.jpg\"><img loading=\"lazy\" decoding=\"async\" class=\"alignnone size-thumbnail wp-image-2183\" src=\"http:\/\/www.strapp.de\/wordpress\/wp-content\/uploads\/2015\/08\/P1010628-150x150.jpg\" alt=\"Wachturm\" width=\"150\" height=\"150\"><\/a>\r\n<h1>Der Limes-Radweg ist ein schwerer Radweg.<\/h1>\r\n<h6><span style=\"font-size: 14pt;\">Er bleibt einem im Ged\u00e4chtnis: Die betr\u00e4chtliche sportliche Herausforderung, die Geschichte des Limes, und sehr viel Natureinsamkeit.<\/span><\/h6>\r\n<br class=\"\u201cclear\u201d\"><span style=\"font-size: 16pt;\">Der <a href=\"https:\/\/de.wikipedia.org\/wiki\/Limes_%28Grenzwall%29\">Limes<\/a> verlief \u00fcber Berg und Tal, die Wacht\u00fcrme standen in der Regel auf Erh\u00f6hungen. Bei mehreren Tagestouren sind jeweils \u00fcber 1000 H\u00f6henmeter zu machen. Je nach H\u00f6henprofil und \u00dcbernachtungsm\u00f6glichkeiten wurden von mir zwischen 70 und 120 Tageskilometer absolviert; bei der Schwierigkeit der Strecke (zum Teil grobe Schotterwege, die auch bergab nur Schrittempo zulassen) waren dazu Bewegungszeiten zwischen 8 und 11 Stunden vonn\u00f6ten. Hundstage, nicht nur wegen der Temperaturen bis 39 \u00b0C im Radreisezeitraum August 2015. Dem Limes-Radweg mussten viele Tage abgerungen werden.<\/span>\r\n<br class=\"\u201cclear\u201d\"><span style=\"font-size: 16pt;\">Manchmal sogar jeder Meter.<\/span>\r\n<br class=\"\u201cclear\u201d\"><span style=\"font-size: 16pt;\">Happige Steigungen gibt es viele. So selbst auf dem ansonsten gem\u00fctlichen Donauradwegteil Neustadt a.d.Donau &#8211; Regensburg, beim Donaudurchbruch <span class=\"st\"> bei Weltenburg<\/span>, den ich bei der <a href=\"http:\/\/www.strapp.de\/aalen-wien.htm\">Radtour Aalen &#8211; Wien<\/a> noch per Schiff umgangen hatte. Im Heilbronner Land und in der Hohenlohe gibt es ein starkes Auf und Ab. Die leichtesten Wegstrecken verlaufen am &#8222;nassen Limes&#8220;, auf dem Main-Radweg.<\/span>\r\n<br class=\"\u201cclear\u201d\"><br class=\"\u201cclear\u201d\"><span style=\"font-size: 16pt;\">Als Fernradweg ist der Limes-Radweg nur bedingt tauglich. Es gibt vereinzelt Abschnitte, die nur mit einem Mountainbike zu befahren sind, nicht mit einem Tourenrad mit Gep\u00e4ck, und schon gar nicht bei nassem Untergrund. Bisweilen w\u00e4re die Angabe einer Alternativroute hilfreich gewesen, z.B. f\u00fcr den <a href=\"https:\/\/www.google.de\/maps\/dir\/Glash%C3%BCtten\/Gro%C3%9Fer+Feldberg,+Schmitten\/@50.2241883,8.4123003,14z\/data=!3m1!4b1!4m14!4m13!1m5!1m1!1s0x47bdaff18717ff09:0x422435029b09ca0!2m2!1d8.401564!2d50.2164009!1m5!1m1!1s0x47bdaf111be445a9:0x40985716ca9954e2!2m2!1d8.4580556!2d50.2338889!3e1\">Streckenabschnitt &#8222;Glash\u00fctten &#8211; Gro\u00dfer Feldberg&#8220;<\/a> im Taunus die Kreisstra\u00dfe L 3025, auch wenn diese stark befahren ist. In diesem deutschen Mittelgebirge wurde nach eigener Messung auch die gr\u00f6\u00dfte H\u00f6he mit 776 m passiert. Die wohl schwerste Etappe.<\/span>\r\n<h6><span style=\"font-size: 16pt;\">Der Radweg verl\u00e4uft teilweise auch \u00fcber st\u00e4rker befahrene Kreisstra\u00dfen, was nicht angenehm ist, aber den Vorteil besitzt, dass man endlich ein wenig vorankommt.<\/span><\/h6>\r\n<br class=\"\u201cclear\u201d\"><span style=\"font-size: 16pt;\">Der Verlauf des Limes wurde gem\u00e4\u00df dem GPX-Track &#8222;Dt. Limesradweg&#8220; (s.u. als Download) abgefahren, der die Gesamt-Entfernung mit 829,1 km angibt. Dieser&nbsp;GPX-Track ist nicht 100% zuverl\u00e4ssig, die vorgegebene Strecke endet unter Umst\u00e4nden blind im Wald, w\u00e4hrend der richtige Weg 200 m daneben liegt, oder die eingetragene F\u00e4hre \u00fcber den Fluss existiert nicht. Oder die vorgezeichnete Route ist in Ortschaften inzwischen \u00fcberbaut. Er ist als Orientierung f\u00fcr mich trotzdem unverzichtbar gewesen, da die braunen &#8222;DT. LIMESRADWEG&#8220;-Schilder oft verblasst, zu gr\u00f6\u00dften Teil jedoch erst gar nicht vorhanden waren, vor allem nicht in W\u00e4ldern.<\/span>\r\n\r\n<span style=\"font-size: 16pt;\"><a href=\"http:\/\/www.strapp.de\/wordpress\/wp-content\/uploads\/2015\/08\/P1010833k.jpg\"><img loading=\"lazy\" decoding=\"async\" class=\"alignnone size-thumbnail wp-image-1823\" src=\"http:\/\/www.strapp.de\/wordpress\/wp-content\/uploads\/2015\/08\/P1010833k-150x150.jpg\" alt=\"P1010833k\" width=\"150\" height=\"150\"><\/a><\/span>\r\n<br class=\"\u201cclear\u201c\"><span style=\"font-size: 16pt;\">Relativ gut ist die Ausschilderung in der Hohenlohe.<\/span>\r\n\r\n<span style=\"font-size: 16pt;\"><a href=\"http:\/\/www.strapp.de\/wordpress\/wp-content\/uploads\/2015\/08\/P1010834k.jpg\"><img loading=\"lazy\" decoding=\"async\" class=\"alignnone size-thumbnail wp-image-1824\" src=\"http:\/\/www.strapp.de\/wordpress\/wp-content\/uploads\/2015\/08\/P1010834k-150x150.jpg\" alt=\"P1010834k\" width=\"150\" height=\"150\"><\/a><a href=\"http:\/\/www.strapp.de\/wordpress\/wp-content\/uploads\/2015\/08\/P1010760k.jpg\">&nbsp;&nbsp;&nbsp;&nbsp; <\/a><a href=\"http:\/\/www.strapp.de\/wordpress\/wp-content\/uploads\/2015\/08\/P1010760k1.jpg\"><img loading=\"lazy\" decoding=\"async\" class=\"alignnone size-thumbnail wp-image-1826\" src=\"http:\/\/www.strapp.de\/wordpress\/wp-content\/uploads\/2015\/08\/P1010760k1-150x150.jpg\" alt=\"P1010760k\" width=\"150\" height=\"150\"><\/a><\/span>\r\n<br class=\"\u201cclear\u201c\"><span style=\"font-size: 16pt;\">Wenn kein Schild existiert: Radle einfach zu den n\u00e4chsten Windr\u00e4dern oder dem n\u00e4chsten Wasserturm hoch. Die stehen immer auf der h\u00f6chsten Stelle der Umgebung, und da f\u00fchrt auch bestimmt der Limesradweg r\u00fcber.<\/span>\r\n<h6><span style=\"font-size: 16pt;\">Der Radtacho zeigte am Ende 936 km an. Rechnet man die Kilometer der einzelnen von mir zur\u00fcckgelegten GPS-Tracks zusammen resultieren 879 km; es wurden aber teilweise Tracks nicht vollst\u00e4ndig aufgezeichnet, und es gilt auch: Je <i>steiler<\/i> eine zur\u00fcckgelegte Wegstrecke ist, desto gr\u00f6\u00dfer ist die Abweichung zwischen der tats\u00e4chlichen und der vom GPS-System angezeigten Strecke.<span style=\"font-size: 12pt;\"><br class=\"\u201cclear\u201d\">(Quelle: <a href=\"http:\/\/de.wikipedia.org\/wiki\/Entfernungsmessung\">de.wikipedia.org\/wiki\/Entfernungsmessung<\/a>)<\/span><\/span><\/h6>\r\n<h6><br class=\"\u201cclear\u201c\"><span style=\"font-size: 16pt;\">Der Track verl\u00e4uft in der Regel abseits von St\u00e4dten, durch W\u00e4lder, Hochebenen, kleinen D\u00f6rfern. Das hei\u00dft auch: Ohne Hotels, Superm\u00e4rkte, Bierg\u00e4rten. Von mir gefahrene Abweichungen vom offiziellen Weg (s. die von mir aufgezeichneten GPX-Tracks) sind diesem Umstand geschuldet. Eine kleine Teilstrecke bei Murrhardt wurde wegen einer drohenden Regenfront ausgelassen.<\/span><\/h6>\r\n&nbsp;\r\n<h6><span style=\"font-size: 16pt;\">Der \u00fcberwiegende Teil des Limes bestand aus Holzkonstruktionen.<\/span><\/h6>\r\n<h6><br class=\"\u201cclear\u201c\"><span style=\"font-size: 16pt;\">Das wiederum hei\u00dft: Es ist jetzt nichts mehr davon da. Rekonstruktionen aus fr\u00fcheren Jahren sind oft falsch. Dokumentationen der Limes-St\u00e4tten bestehen teilweise nur aus Luftaufnahmen des ver\u00e4nderten Pflanzenbewuchses bzw. aus<a href=\"https:\/\/de.wikipedia.org\/wiki\/Prospektion_%28Arch%C3%A4ologie%29\"> Magnetogrammen<\/a>. Die lokale Aufarbeitung schwankt stark mit dem Engagement der jeweiligen Gemeinde. Es kommt vor, dass Hinweisschilder, sagen wir mal &#8222;R\u00f6merbad&#8220;, ins Nichts in den Wald f\u00fchren. Und es fehlen meist Entfernungsangaben auf diesen Hinweisschildern. Die w\u00e4ren hifreich, z. B. um zu entscheiden ob es sich lohnt, entsprechende Abstecher mit dem Rad zu machen, oder das Rad mit Gep\u00e4ck allein im Wald stehen zu lassen und zu Fu\u00df einen Berg zu einer St\u00e4tte hochzusteigen. Teilweise wurden aber auch St\u00e4tten sehr sch\u00f6n aufgearbeitet (s. beigef\u00fcgtes Bildmaterial). Die Erwartungen darf man aber nicht zu hoch ansetzen. Man kann den Limes eben nicht so ganz mit Machu Picchu oder gar alt\u00e4gyptischen Anlagen vergleichen.<\/span><\/h6>\r\n<h6><br class=\"\u201cclear\u201c\"><span style=\"font-size: 16pt;\">Da der Limes-Radweg praktisch an meiner Haust\u00fcr vorbeif\u00fchrte, bin ich zuerst die Strecke Aalen &#8211; Regensburg abgefahren, um dann mit der Bahn von Regensburg nach Bad Breisig (am n\u00f6rdlichen Mittelrhein zwischen Bonn und Koblenz) r\u00fcberzumachen.\r\n<br class=\"\u201cclear\u201d\">An dieser Stelle kann ich nicht umhin, wieder (s. <a href=\"http:\/\/www.strapp.de\/wordpress\/tag-1\/\">Radtour &#8222;Eiserner Vorhang&#8220;<\/a>) \u00fcber das uns\u00e4gliche Verhalten der Bahn dem Radkunden gegen\u00fcber zu lamentieren. F\u00fcr die Strecke Regensburg &#8211; Bad Breisig existiert mit Radmitnahme zweimal t\u00e4glich eine Schnellverbindung mit einmaligem Umsteigen. Diese Buchung war nicht m\u00f6glich, wobei die Schalterangestellte mir nicht mitteilte, ob der Radwaggon jeweils schon belegt war oder gar nicht existierte. So musste ich schlie\u00dflich eine Verbindung mit ausschlie\u00dflich Regionalexpressen und viermaligem Umsteigen akzeptieren, was eine Gesamtreisezeit von achteinviertel Stunden nach sich zog, in fast immer mit R\u00e4dern \u00fcberf\u00fcllten Radwaggons, wobei sich Stress zwischen den Reisenden nicht immer vermieden lie\u00df und jeder Radler \u00fcber die Bahn schimpfte.<\/span><\/h6>\r\n<h6><br class=\"\u201cclear\u201c\"><span style=\"font-size: 16pt;\">Dann folgte der zweite Teil Bad Breisig &#8211; Aalen.<\/span><\/h6>\r\n<h6><br class=\"\u201cclear\u201c\"><span style=\"font-size: 16pt;\">Die nun folgende Auflistung der einzelnen Etappen ist jedoch geographisch, nicht chronologisch.<\/span><\/h6>\r\n&nbsp;\r\n<h6><span style=\"font-family: georgia, palatino; font-size: 16pt;\"><a href=\"http:\/\/www.strapp.de\/wordpress\/bad-breisig-bad-ems\/\">1. Bad Breisig &#8211; Bad Ems<\/a><\/span>\r\n<br class=\"\u201cclear\u201d\"><span style=\"font-size: 16pt;\">&nbsp;<em>Limes-Radweg Original zum Download (sicherer Download):<\/em><\/span><\/h6>\r\n<pre><span style=\"font-size: 16pt;\"><code><code class=\"plain plain\"><div class=\"\"><a href=\"https:\/\/www.strapp.de\/wordpress\/wp-content\/uploads\/2016\/08\/Limes2.zip\" target=\"_self\" class=\"emd_dl_red_darker\">Download Now<\/a><\/div>    <style>            \r\n    .emd_dl_red_darker {\r\n        -moz-box-shadow:inset 0px 1px 0px 0px #f5978e;\r\n        -webkit-box-shadow:inset 0px 1px 0px 0px #f5978e;\r\n        box-shadow:inset 0px 1px 0px 0px #f5978e;\r\n        background:-webkit-gradient( linear, left top, left bottom, color-stop(0.05, #f24537), color-stop(1, #c62d1f) );\r\n        background:-moz-linear-gradient( center top, #f24537 5%, #c62d1f 100% );\r\n        filter:progid:DXImageTransform.Microsoft.gradient(startColorstr='#f24537', endColorstr='#c62d1f');\r\n        background-color:#f24537;\r\n        -webkit-border-top-left-radius:0px;\r\n        -moz-border-radius-topleft:0px;\r\n        border-top-left-radius:0px;\r\n        -webkit-border-top-right-radius:0px;\r\n        -moz-border-radius-topright:0px;\r\n        border-top-right-radius:0px;\r\n        -webkit-border-bottom-right-radius:0px;\r\n        -moz-border-radius-bottomright:0px;\r\n        border-bottom-right-radius:0px;\r\n        -webkit-border-bottom-left-radius:0px;\r\n        -moz-border-radius-bottomleft:0px;\r\n        border-bottom-left-radius:0px;\r\n        text-indent:0;\r\n        border:1px solid #d02718;\r\n        display:inline-block;\r\n        color:#ffffff !important;\r\n        font-family:Georgia;\r\n        font-size:15px;\r\n        font-weight:bold;\r\n        font-style:normal;\r\n        height:41px;\r\n        line-height:41px;\r\n        width:153px;\r\n        text-decoration:none;\r\n        text-align:center;\r\n        text-shadow:1px 1px 0px #810e05;\r\n    }\r\n    .emd_dl_red_darker:hover {\r\n        background:-webkit-gradient( linear, left top, left bottom, color-stop(0.05, #c62d1f), color-stop(1, #f24537) );\r\n        background:-moz-linear-gradient( center top, #c62d1f 5%, #f24537 100% );\r\n        filter:progid:DXImageTransform.Microsoft.gradient(startColorstr='#c62d1f', endColorstr='#f24537');\r\n        background-color:#c62d1f;\r\n    }.emd_dl_red_darker:active {\r\n        position:relative;\r\n        top:1px;\r\n    }<\/style>\r\n\r\n<\/code><\/code><\/span><\/pre>\r\n<span style=\"font-size: 16pt;\">\u00a92015<\/span>","protected":false},"excerpt":{"rendered":"&nbsp;&nbsp;&nbsp;&nbsp; Der Limes-Radweg ist ein schwerer Radweg. Er bleibt einem im Ged\u00e4chtnis: Die betr\u00e4chtliche sportliche Herausforderung, die Geschichte des Limes, und sehr viel Natureinsamkeit. Der Limes verlief \u00fcber Berg und Tal, die Wacht\u00fcrme standen in der Regel auf Erh\u00f6hungen. Bei &hellip; <a href=\"https:\/\/strapp.de\/blog\/startseite-limes-radweg\/\">Weiterlesen <span class=\"meta-nav\">&rarr;<\/span><\/a>","protected":false},"author":1,"featured_media":0,"parent":0,"menu_order":950,"comment_status":"open","ping_status":"closed","template":"","meta":{"ngg_post_thumbnail":0,"footnotes":""},"class_list":["post-1835","page","type-page","status-publish","hentry"],"yoast_head":"<!-- This site is optimized with the Yoast SEO plugin v27.4 - https:\/\/yoast.com\/product\/yoast-seo-wordpress\/ -->\n<title>Startseite Limes-Radweg\/<\/title>\n<meta name=\"robots\" content=\"index, follow, max-snippet:-1, max-image-preview:large, max-video-preview:-1\" \/>\n<link rel=\"canonical\" href=\"https:\/\/strapp.de\/blog\/startseite-limes-radweg\/\" \/>\n<meta property=\"og:locale\" content=\"de_DE\" \/>\n<meta property=\"og:type\" content=\"article\" \/>\n<meta property=\"og:title\" content=\"Startseite Limes-Radweg\/\" \/>\n<meta property=\"og:description\" content=\"&nbsp;&nbsp;&nbsp;&nbsp; Der Limes-Radweg ist ein schwerer Radweg. Er bleibt einem im Ged\u00e4chtnis: Die betr\u00e4chtliche sportliche Herausforderung, die Geschichte des Limes, und sehr viel Natureinsamkeit. Der Limes verlief \u00fcber Berg und Tal, die Wacht\u00fcrme standen in der Regel auf Erh\u00f6hungen. Bei &hellip; Weiterlesen &rarr;\" \/>\n<meta property=\"og:url\" content=\"https:\/\/strapp.de\/blog\/startseite-limes-radweg\/\" \/>\n<meta property=\"og:site_name\" content=\"strappradblog\" \/>\n<meta property=\"article:modified_time\" content=\"2025-04-18T08:16:49+00:00\" \/>\n<meta property=\"og:image\" content=\"http:\/\/www.strapp.de\/wordpress\/wp-content\/uploads\/2015\/08\/Limesradweg-150x150.png\" \/>\n<meta name=\"twitter:card\" content=\"summary_large_image\" \/>\n<meta name=\"twitter:label1\" content=\"Gesch\u00e4tzte Lesezeit\" \/>\n\t<meta name=\"twitter:data1\" content=\"6\u00a0Minuten\" \/>\n<script type=\"application\/ld+json\" class=\"yoast-schema-graph\">{\"@context\":\"https:\\\/\\\/schema.org\",\"@graph\":[{\"@type\":\"WebPage\",\"@id\":\"https:\\\/\\\/strapp.de\\\/blog\\\/startseite-limes-radweg\\\/\",\"url\":\"https:\\\/\\\/strapp.de\\\/blog\\\/startseite-limes-radweg\\\/\",\"name\":\"Startseite Limes-Radweg\\\/\",\"isPartOf\":{\"@id\":\"https:\\\/\\\/strapp.de\\\/blog\\\/#website\"},\"primaryImageOfPage\":{\"@id\":\"https:\\\/\\\/strapp.de\\\/blog\\\/startseite-limes-radweg\\\/#primaryimage\"},\"image\":{\"@id\":\"https:\\\/\\\/strapp.de\\\/blog\\\/startseite-limes-radweg\\\/#primaryimage\"},\"thumbnailUrl\":\"http:\\\/\\\/www.strapp.de\\\/wordpress\\\/wp-content\\\/uploads\\\/2015\\\/08\\\/Limesradweg-150x150.png\",\"datePublished\":\"2015-08-25T15:55:42+00:00\",\"dateModified\":\"2025-04-18T08:16:49+00:00\",\"breadcrumb\":{\"@id\":\"https:\\\/\\\/strapp.de\\\/blog\\\/startseite-limes-radweg\\\/#breadcrumb\"},\"inLanguage\":\"de\",\"potentialAction\":[{\"@type\":\"ReadAction\",\"target\":[\"https:\\\/\\\/strapp.de\\\/blog\\\/startseite-limes-radweg\\\/\"]}]},{\"@type\":\"ImageObject\",\"inLanguage\":\"de\",\"@id\":\"https:\\\/\\\/strapp.de\\\/blog\\\/startseite-limes-radweg\\\/#primaryimage\",\"url\":\"http:\\\/\\\/www.strapp.de\\\/wordpress\\\/wp-content\\\/uploads\\\/2015\\\/08\\\/Limesradweg-150x150.png\",\"contentUrl\":\"http:\\\/\\\/www.strapp.de\\\/wordpress\\\/wp-content\\\/uploads\\\/2015\\\/08\\\/Limesradweg-150x150.png\"},{\"@type\":\"BreadcrumbList\",\"@id\":\"https:\\\/\\\/strapp.de\\\/blog\\\/startseite-limes-radweg\\\/#breadcrumb\",\"itemListElement\":[{\"@type\":\"ListItem\",\"position\":1,\"name\":\"Startseite\",\"item\":\"https:\\\/\\\/www.strapp.de\\\/wordpress\\\/\"},{\"@type\":\"ListItem\",\"position\":2,\"name\":\"Startseite Limes-Radweg\"}]},{\"@type\":\"WebSite\",\"@id\":\"https:\\\/\\\/strapp.de\\\/blog\\\/#website\",\"url\":\"https:\\\/\\\/strapp.de\\\/blog\\\/\",\"name\":\"strappradblog\",\"description\":\"siegfried trapp slowblog\",\"publisher\":{\"@id\":\"https:\\\/\\\/strapp.de\\\/blog\\\/#\\\/schema\\\/person\\\/59710c1e63ddfbccb993a17dbeb92abd\"},\"potentialAction\":[{\"@type\":\"SearchAction\",\"target\":{\"@type\":\"EntryPoint\",\"urlTemplate\":\"https:\\\/\\\/strapp.de\\\/blog\\\/?s={search_term_string}\"},\"query-input\":{\"@type\":\"PropertyValueSpecification\",\"valueRequired\":true,\"valueName\":\"search_term_string\"}}],\"inLanguage\":\"de\"},{\"@type\":[\"Person\",\"Organization\"],\"@id\":\"https:\\\/\\\/strapp.de\\\/blog\\\/#\\\/schema\\\/person\\\/59710c1e63ddfbccb993a17dbeb92abd\",\"name\":\"Siegfried Trapp\",\"image\":{\"@type\":\"ImageObject\",\"inLanguage\":\"de\",\"@id\":\"https:\\\/\\\/www.strapp.de\\\/wordpress\\\/wp-content\\\/uploads\\\/2019\\\/10\\\/favi.ico\",\"url\":\"https:\\\/\\\/www.strapp.de\\\/wordpress\\\/wp-content\\\/uploads\\\/2019\\\/10\\\/favi.ico\",\"contentUrl\":\"https:\\\/\\\/www.strapp.de\\\/wordpress\\\/wp-content\\\/uploads\\\/2019\\\/10\\\/favi.ico\",\"width\":16,\"height\":16,\"caption\":\"Siegfried Trapp\"},\"logo\":{\"@id\":\"https:\\\/\\\/www.strapp.de\\\/wordpress\\\/wp-content\\\/uploads\\\/2019\\\/10\\\/favi.ico\"},\"sameAs\":[\"http:\\\/\\\/www.strapp.de\"]}]}<\/script>\n<!-- \/ Yoast SEO plugin. -->","yoast_head_json":{"title":"Startseite Limes-Radweg\/","robots":{"index":"index","follow":"follow","max-snippet":"max-snippet:-1","max-image-preview":"max-image-preview:large","max-video-preview":"max-video-preview:-1"},"canonical":"https:\/\/strapp.de\/blog\/startseite-limes-radweg\/","og_locale":"de_DE","og_type":"article","og_title":"Startseite Limes-Radweg\/","og_description":"&nbsp;&nbsp;&nbsp;&nbsp; Der Limes-Radweg ist ein schwerer Radweg. Er bleibt einem im Ged\u00e4chtnis: Die betr\u00e4chtliche sportliche Herausforderung, die Geschichte des Limes, und sehr viel Natureinsamkeit. Der Limes verlief \u00fcber Berg und Tal, die Wacht\u00fcrme standen in der Regel auf Erh\u00f6hungen. Bei &hellip; Weiterlesen &rarr;","og_url":"https:\/\/strapp.de\/blog\/startseite-limes-radweg\/","og_site_name":"strappradblog","article_modified_time":"2025-04-18T08:16:49+00:00","og_image":[{"url":"http:\/\/www.strapp.de\/wordpress\/wp-content\/uploads\/2015\/08\/Limesradweg-150x150.png","type":"","width":"","height":""}],"twitter_card":"summary_large_image","twitter_misc":{"Gesch\u00e4tzte Lesezeit":"6\u00a0Minuten"},"schema":{"@context":"https:\/\/schema.org","@graph":[{"@type":"WebPage","@id":"https:\/\/strapp.de\/blog\/startseite-limes-radweg\/","url":"https:\/\/strapp.de\/blog\/startseite-limes-radweg\/","name":"Startseite Limes-Radweg\/","isPartOf":{"@id":"https:\/\/strapp.de\/blog\/#website"},"primaryImageOfPage":{"@id":"https:\/\/strapp.de\/blog\/startseite-limes-radweg\/#primaryimage"},"image":{"@id":"https:\/\/strapp.de\/blog\/startseite-limes-radweg\/#primaryimage"},"thumbnailUrl":"http:\/\/www.strapp.de\/wordpress\/wp-content\/uploads\/2015\/08\/Limesradweg-150x150.png","datePublished":"2015-08-25T15:55:42+00:00","dateModified":"2025-04-18T08:16:49+00:00","breadcrumb":{"@id":"https:\/\/strapp.de\/blog\/startseite-limes-radweg\/#breadcrumb"},"inLanguage":"de","potentialAction":[{"@type":"ReadAction","target":["https:\/\/strapp.de\/blog\/startseite-limes-radweg\/"]}]},{"@type":"ImageObject","inLanguage":"de","@id":"https:\/\/strapp.de\/blog\/startseite-limes-radweg\/#primaryimage","url":"http:\/\/www.strapp.de\/wordpress\/wp-content\/uploads\/2015\/08\/Limesradweg-150x150.png","contentUrl":"http:\/\/www.strapp.de\/wordpress\/wp-content\/uploads\/2015\/08\/Limesradweg-150x150.png"},{"@type":"BreadcrumbList","@id":"https:\/\/strapp.de\/blog\/startseite-limes-radweg\/#breadcrumb","itemListElement":[{"@type":"ListItem","position":1,"name":"Startseite","item":"https:\/\/www.strapp.de\/wordpress\/"},{"@type":"ListItem","position":2,"name":"Startseite Limes-Radweg"}]},{"@type":"WebSite","@id":"https:\/\/strapp.de\/blog\/#website","url":"https:\/\/strapp.de\/blog\/","name":"strappradblog","description":"siegfried trapp slowblog","publisher":{"@id":"https:\/\/strapp.de\/blog\/#\/schema\/person\/59710c1e63ddfbccb993a17dbeb92abd"},"potentialAction":[{"@type":"SearchAction","target":{"@type":"EntryPoint","urlTemplate":"https:\/\/strapp.de\/blog\/?s={search_term_string}"},"query-input":{"@type":"PropertyValueSpecification","valueRequired":true,"valueName":"search_term_string"}}],"inLanguage":"de"},{"@type":["Person","Organization"],"@id":"https:\/\/strapp.de\/blog\/#\/schema\/person\/59710c1e63ddfbccb993a17dbeb92abd","name":"Siegfried Trapp","image":{"@type":"ImageObject","inLanguage":"de","@id":"https:\/\/www.strapp.de\/wordpress\/wp-content\/uploads\/2019\/10\/favi.ico","url":"https:\/\/www.strapp.de\/wordpress\/wp-content\/uploads\/2019\/10\/favi.ico","contentUrl":"https:\/\/www.strapp.de\/wordpress\/wp-content\/uploads\/2019\/10\/favi.ico","width":16,"height":16,"caption":"Siegfried Trapp"},"logo":{"@id":"https:\/\/www.strapp.de\/wordpress\/wp-content\/uploads\/2019\/10\/favi.ico"},"sameAs":["http:\/\/www.strapp.de"]}]}},"_links":{"self":[{"href":"https:\/\/strapp.de\/blog\/wp-json\/wp\/v2\/pages\/1835","targetHints":{"allow":["GET"]}}],"collection":[{"href":"https:\/\/strapp.de\/blog\/wp-json\/wp\/v2\/pages"}],"about":[{"href":"https:\/\/strapp.de\/blog\/wp-json\/wp\/v2\/types\/page"}],"author":[{"embeddable":true,"href":"https:\/\/strapp.de\/blog\/wp-json\/wp\/v2\/users\/1"}],"replies":[{"embeddable":true,"href":"https:\/\/strapp.de\/blog\/wp-json\/wp\/v2\/comments?post=1835"}],"version-history":[{"count":60,"href":"https:\/\/strapp.de\/blog\/wp-json\/wp\/v2\/pages\/1835\/revisions"}],"predecessor-version":[{"id":6275,"href":"https:\/\/strapp.de\/blog\/wp-json\/wp\/v2\/pages\/1835\/revisions\/6275"}],"wp:attachment":[{"href":"https:\/\/strapp.de\/blog\/wp-json\/wp\/v2\/media?parent=1835"}],"curies":[{"name":"wp","href":"https:\/\/api.w.org\/{rel}","templated":true}]}}