

{"id":1247,"date":"2015-08-01T13:33:27","date_gmt":"2015-08-01T13:33:27","guid":{"rendered":"http:\/\/www.strapp.de\/wordpress\/?page_id=1247"},"modified":"2025-05-16T22:34:19","modified_gmt":"2025-05-16T22:34:19","slug":"albtaeler","status":"publish","type":"page","link":"https:\/\/strapp.de\/blog\/albtaeler\/","title":{"rendered":"Albt\u00e4ler"},"content":{"rendered":"<p style=\"text-align: left;\"><span style=\"font-family: arial, helvetica, sans-serif; font-size: 16pt;\">Der Rundweg umfasst origin\u00e4r 186 km mit insgesamt 1932 m Anstieg (Originaltrack unten).<\/span><\/p>\r\n<p style=\"text-align: left;\"><span style=\"font-family: arial, helvetica, sans-serif; font-size: 16pt;\">Er f\u00fchrt durch landschaftlich idyllische Gegenden, abseits gr\u00f6\u00dferer Ortschaften. Dies schr\u00e4nkt auch Unterkunftsm\u00f6glichkeiten und Bierg\u00e4rten ein.<\/span><\/p>\r\n<p style=\"text-align: left;\"><span style=\"font-family: arial, helvetica, sans-serif; font-size: 16pt;\">Bei H\u00fcrben, einem Stadtteil von Giengen, kann die <b><a href=\"https:\/\/de.wikipedia.org\/wiki\/Charlottenh%C3%B6hle\">Charlottenh\u00f6hle<\/a>,<\/b> eine 587&nbsp;Meter lange Tropfsteinh\u00f6hle, erkundet werden.<\/span><\/p>\r\n<p style=\"text-align: center;\"><a href=\"http:\/\/www.strapp.de\/Albtaeler.mp4\"><img loading=\"lazy\" decoding=\"async\" class=\"aligncenter wp-image-2397 size-large\" src=\"http:\/\/www.strapp.de\/wordpress\/wp-content\/uploads\/2016\/04\/P1010525-834x1024.jpg\" alt=\"P1010525\" width=\"584\" height=\"717\" srcset=\"https:\/\/strapp.de\/blog\/wp-content\/uploads\/2016\/04\/P1010525-834x1024.jpg 834w, https:\/\/strapp.de\/blog\/wp-content\/uploads\/2016\/04\/P1010525-244x300.jpg 244w, https:\/\/strapp.de\/blog\/wp-content\/uploads\/2016\/04\/P1010525.jpg 1223w\" sizes=\"auto, (max-width: 584px) 100vw, 584px\" \/><\/a><span style=\"font-size: 24pt;\"><a href=\"http:\/\/www.strapp.de\/Albtaeler.mp4\">Bilderfilm<\/a><\/span><\/p>\r\n<p style=\"text-align: left;\"><span style=\"font-size: 16pt;\"><span style=\"font-family: arial, helvetica, sans-serif;\">Da wir von Aalen aus gestartet sind, umfassen die unten aufgef\u00fchrten Tracks etwa 270 km<\/span>.<\/span><\/p>\r\n<p style=\"text-align: center;\"><a href=\"http:\/\/www.sports-tracker.com\/workout\/salomont\/55bcd336e4b094b77764723b\">&nbsp;&nbsp;&nbsp;&nbsp;&nbsp;&nbsp;&nbsp;&nbsp; <\/a><a href=\"http:\/\/www.sports-tracker.com\/workout\/salomont\/55bcd336e4b094b77764723b\"><img loading=\"lazy\" decoding=\"async\" class=\"alignnone wp-image-1262\" src=\"http:\/\/www.strapp.de\/wordpress\/wp-content\/uploads\/2015\/08\/Unbenannt-150x150.png\" alt=\"Unbenannt\" width=\"81\" height=\"81\"><\/a><a href=\"http:\/\/www.sports-tracker.com\/workout\/salomont\/55bcd336e4b094b77764723b\">&nbsp;&nbsp; <span style=\"font-size: 16pt; font-family: arial, helvetica, sans-serif;\">Aalen &#8211; Langenau<\/span><\/a><span style=\"font-size: 16pt; font-family: arial, helvetica, sans-serif;\"><a href=\"http:\/\/www.sports-tracker.com\/workout\/salomont\/55bcd336e4b094b77764723b\"> (GPX 1)<\/a><\/span><\/p>\r\n<p style=\"text-align: center;\"><span style=\"font-size: 14pt;\"><a href=\"http:\/\/www.sports-tracker.com\/workout\/salomont\/55bcd39ee4b094b77764799f\"><img loading=\"lazy\" decoding=\"async\" class=\"alignnone wp-image-1263\" src=\"http:\/\/www.strapp.de\/wordpress\/wp-content\/uploads\/2015\/08\/Unbenannt1-150x150.png\" alt=\"Unbenannt\" width=\"80\" height=\"80\"><\/a><a href=\"http:\/\/www.sports-tracker.com\/workout\/salomont\/55bcd39ee4b094b77764799f\">&nbsp; <span style=\"font-family: arial, helvetica, sans-serif; font-size: 16pt;\">Langenau &#8211; Geislingen an der Steige (GPX 2)<\/span><\/a><\/span><\/p>\r\n<p style=\"text-align: center;\"><span style=\"font-size: 14pt;\"><a href=\"http:\/\/www.sports-tracker.com\/workout\/salomont\/55bcd3dbe4b0e6dddacd4766\"><img loading=\"lazy\" decoding=\"async\" class=\"alignnone wp-image-1264\" src=\"http:\/\/www.strapp.de\/wordpress\/wp-content\/uploads\/2015\/08\/Unbenannt2-150x150.png\" alt=\"Unbenannt\" width=\"80\" height=\"80\"><\/a><a href=\"http:\/\/www.sports-tracker.com\/workout\/salomont\/55bcd3dbe4b0e6dddacd4766\">&nbsp; <span style=\"font-family: arial, helvetica, sans-serif; font-size: 16pt;\">Geislingen an der Steige &#8211; Aalen (GPX 3)<\/span><\/a><\/span><\/p>\r\n<p style=\"text-align: left;\"><span style=\"font-size: 18pt;\"><a href=\"http:\/\/www.sports-tracker.com\/workout\/salomont\/55d0602be4b0e6dddbb398c5\">Original-Rundkurs<\/a><\/span><\/p>\r\n<p style=\"text-align: left;\"><link rel='stylesheet' id='osm-ol3-css-css' href='https:\/\/strapp.de\/blog\/wp-content\/plugins\/osm\/js\/OL\/10.9.0\/ol.css?ver=6.9.4' type='text\/css' media='all' \/>\n<link rel='stylesheet' id='osm-ol3-ext-css-css' href='https:\/\/strapp.de\/blog\/wp-content\/plugins\/osm\/css\/osm_map_v3.css?ver=6.9.4' type='text\/css' media='all' \/>\n<link rel='stylesheet' id='osm-map-css-css' href='https:\/\/strapp.de\/blog\/wp-content\/plugins\/osm\/css\/osm_map.css?ver=6.9.4' type='text\/css' media='all' \/>\n<script type=\"text\/javascript\" src=\"https:\/\/strapp.de\/blog\/wp-includes\/js\/dist\/vendor\/wp-polyfill.min.js?ver=3.15.0\" id=\"wp-polyfill-js\"><\/script>\n<script type=\"text\/javascript\" src=\"https:\/\/strapp.de\/blog\/wp-content\/plugins\/osm\/js\/OL\/10.9.0\/ol.js?ver=10.9.0\" id=\"osm-ol3-library-js\"><\/script>\n<script type=\"text\/javascript\" src=\"https:\/\/strapp.de\/blog\/wp-content\/plugins\/osm\/js\/osm-v3-plugin-lib.js?ver=1.0.0\" id=\"osm-ol3-ext-library-js\"><\/script>\n<script type=\"text\/javascript\" src=\"https:\/\/strapp.de\/blog\/wp-content\/plugins\/osm\/js\/osm-metabox-events.js?ver=1.0.0\" id=\"osm-ol3-metabox-events-js\"><\/script>\n<script type=\"text\/javascript\" src=\"https:\/\/strapp.de\/blog\/wp-includes\/js\/jquery\/jquery.min.js?ver=3.7.1\" id=\"jquery-core-js\"><\/script>\n<script type=\"text\/javascript\" src=\"https:\/\/strapp.de\/blog\/wp-includes\/js\/jquery\/jquery-migrate.min.js?ver=3.4.1\" id=\"jquery-migrate-js\"><\/script>\n<script type=\"text\/javascript\" id=\"osm-map-startup-js-extra\">\n\/* <![CDATA[ *\/\nvar translations = {\"openlayer\":\"open layer\",\"openlayerAtStartup\":\"open layer at startup\",\"generateLink\":\"link to this map with opened layers\",\"shortDescription\":\"short description\",\"generatedShortCode\":\"to get a text control link paste this code in your wordpress editor\",\"closeLayer\":\"close layer\",\"cantGenerateLink\":\"put this string in the existing map short code to control this map\"};\n\/\/# sourceURL=osm-map-startup-js-extra\n\/* ]]> *\/\n<\/script>\n<script type=\"text\/javascript\" src=\"https:\/\/strapp.de\/blog\/wp-content\/plugins\/osm\/js\/osm-startup-lib.js?ver=V6.2.5\" id=\"osm-map-startup-js\"><\/script>\n\n        <div id=\"map_ol3js_1\"\n       class=\"osm-map-container undefined\"\n             data-map_name=\"undefined\"\n             data-map=\"map_ol3js_1\"\n             data-autoshow=\"no\"\n             style=\"width:100%;\n                    max-width:100%;\n                    height:450px;\n                    display:block;\n                    overflow:hidden;\n                    border:2px solid grey;\n                    position: relative;\">\n          <div id=\"map_ol3js_1_popup\" class=\"ol-popup\">\n            <a href=\"#\" id=\"map_ol3js_1_popup-closer\" class=\"ol-popup-closer\"><\/a>\n            <div id=\"map_ol3js_1_popup-content\"><\/div>\n          <\/div>\n        <\/div>\n    <script type=\"text\/javascript\">\n\t\t\t  vectorM['map_ol3js_1'] = [];\n\t        \n        var raster = getTileLayer(\"osm\",\"NoKey\");\t\t\t\n\n\t\t\t  var map_ol3js_1 = new ol.Map({\n\t\t\t\tinteractions: ol.interaction.defaults.defaults({mouseWheelZoom:false}),\n\t\t\t\tlayers: [raster],\n\t\t\t\ttarget: \"map_ol3js_1\",\n\t\t\t\tview: new ol.View({\n\t\t\t\t  center: ol.proj.transform([9.944,48.613], \"EPSG:4326\", \"EPSG:3857\"),\n\t\t\t\t  zoom: 10\n\t\t\t\t})\n\t\t\t  });\n\t\t\t  \n    var style_map_ol3js_1_0 = {\n      \"Point\": [new ol.style.Style({\n\n          image: new ol.style.Icon({\n            anchor: [0.5, 41],\n            anchorXUnits: \"fraction\",\n            anchorYUnits: \"pixels\",\n            opacity: 0.75,\n            src: \"https:\/\/strapp.de\/blog\/wp-content\/plugins\/osm\/icons\/mic_blue_pinother_02.png\"\n          })\n      })],\n\n      \"LineString\": [new ol.style.Style({\n        stroke: new ol.style.Stroke({\n          color: \"blue\",\n          width: 8\n        })\n      })],\n      \"MultiLineString\": [new ol.style.Style({\n        stroke: new ol.style.Stroke({\n          color: \"blue\",\n          width: 4\n        })\n      })]\n    };\n\t\t  var vectorL0 = new ol.layer.Vector({\n\t\t\t\tsource: new ol.source.Vector({\n\t\t\t\turl:\"http:\/\/www.strapp.de\/wordpress\/wp-content\/uploads\/2016\/11\/Albtaeler_Radweg.gpx\",\n\t\t\t\tformat: new ol.format.GPX({\n\t\t\t\t\textractStyles: false\n\t\t\t\t})\n\t\t\t}),\n\t\t\tzIndex: 92,\n\t\t\tstyle: function(feature, resolution) {return style_map_ol3js_1_0[feature.getGeometry().getType()];}\n\t\t  });\n\t\t  map_ol3js_1.addLayer(vectorL0);addControls2Map(map_ol3js_1,0,0,3,0,5,6,7,0,1);\nosm_addPopupClickhandler(map_ol3js_1,  \"map_ol3js_1\"); \nosm_addMouseHover(map_ol3js_1); <\/script>\r\n<span style=\"font-size: 8pt;\">\u00a9 2015<\/span>","protected":false},"excerpt":{"rendered":"Der Rundweg umfasst origin\u00e4r 186 km mit insgesamt 1932 m Anstieg (Originaltrack unten). Er f\u00fchrt durch landschaftlich idyllische Gegenden, abseits gr\u00f6\u00dferer Ortschaften. Dies schr\u00e4nkt auch Unterkunftsm\u00f6glichkeiten und Bierg\u00e4rten ein. Bei H\u00fcrben, einem Stadtteil von Giengen, kann die Charlottenh\u00f6hle, eine 587&nbsp;Meter &hellip; <a href=\"https:\/\/strapp.de\/blog\/albtaeler\/\">Weiterlesen <span class=\"meta-nav\">&rarr;<\/span><\/a>","protected":false},"author":1,"featured_media":0,"parent":0,"menu_order":820,"comment_status":"open","ping_status":"closed","template":"","meta":{"ngg_post_thumbnail":0,"footnotes":""},"class_list":["post-1247","page","type-page","status-publish","hentry"],"yoast_head":"<!-- This site is optimized with the Yoast SEO plugin v27.4 - https:\/\/yoast.com\/product\/yoast-seo-wordpress\/ -->\n<title>Albt\u00e4ler\/<\/title>\n<meta name=\"robots\" content=\"index, follow, max-snippet:-1, max-image-preview:large, max-video-preview:-1\" \/>\n<link rel=\"canonical\" href=\"https:\/\/strapp.de\/blog\/albtaeler\/\" \/>\n<meta property=\"og:locale\" content=\"de_DE\" \/>\n<meta property=\"og:type\" content=\"article\" \/>\n<meta property=\"og:title\" content=\"Albt\u00e4ler\/\" \/>\n<meta property=\"og:description\" content=\"Der Rundweg umfasst origin\u00e4r 186 km mit insgesamt 1932 m Anstieg (Originaltrack unten). Er f\u00fchrt durch landschaftlich idyllische Gegenden, abseits gr\u00f6\u00dferer Ortschaften. Dies schr\u00e4nkt auch Unterkunftsm\u00f6glichkeiten und Bierg\u00e4rten ein. Bei H\u00fcrben, einem Stadtteil von Giengen, kann die Charlottenh\u00f6hle, eine 587&nbsp;Meter &hellip; Weiterlesen &rarr;\" \/>\n<meta property=\"og:url\" content=\"https:\/\/strapp.de\/blog\/albtaeler\/\" \/>\n<meta property=\"og:site_name\" content=\"strappradblog\" \/>\n<meta property=\"article:modified_time\" content=\"2025-05-16T22:34:19+00:00\" \/>\n<meta property=\"og:image\" content=\"http:\/\/www.strapp.de\/wordpress\/wp-content\/uploads\/2016\/04\/P1010525-834x1024.jpg\" \/>\n<meta name=\"twitter:card\" content=\"summary_large_image\" \/>\n<meta name=\"twitter:label1\" content=\"Gesch\u00e4tzte Lesezeit\" \/>\n\t<meta name=\"twitter:data1\" content=\"2\u00a0Minuten\" \/>\n<script type=\"application\/ld+json\" class=\"yoast-schema-graph\">{\"@context\":\"https:\\\/\\\/schema.org\",\"@graph\":[{\"@type\":\"WebPage\",\"@id\":\"https:\\\/\\\/strapp.de\\\/blog\\\/albtaeler\\\/\",\"url\":\"https:\\\/\\\/strapp.de\\\/blog\\\/albtaeler\\\/\",\"name\":\"Albt\u00e4ler\\\/\",\"isPartOf\":{\"@id\":\"https:\\\/\\\/strapp.de\\\/blog\\\/#website\"},\"primaryImageOfPage\":{\"@id\":\"https:\\\/\\\/strapp.de\\\/blog\\\/albtaeler\\\/#primaryimage\"},\"image\":{\"@id\":\"https:\\\/\\\/strapp.de\\\/blog\\\/albtaeler\\\/#primaryimage\"},\"thumbnailUrl\":\"http:\\\/\\\/www.strapp.de\\\/wordpress\\\/wp-content\\\/uploads\\\/2016\\\/04\\\/P1010525-834x1024.jpg\",\"datePublished\":\"2015-08-01T13:33:27+00:00\",\"dateModified\":\"2025-05-16T22:34:19+00:00\",\"breadcrumb\":{\"@id\":\"https:\\\/\\\/strapp.de\\\/blog\\\/albtaeler\\\/#breadcrumb\"},\"inLanguage\":\"de\",\"potentialAction\":[{\"@type\":\"ReadAction\",\"target\":[\"https:\\\/\\\/strapp.de\\\/blog\\\/albtaeler\\\/\"]}]},{\"@type\":\"ImageObject\",\"inLanguage\":\"de\",\"@id\":\"https:\\\/\\\/strapp.de\\\/blog\\\/albtaeler\\\/#primaryimage\",\"url\":\"http:\\\/\\\/www.strapp.de\\\/wordpress\\\/wp-content\\\/uploads\\\/2016\\\/04\\\/P1010525-834x1024.jpg\",\"contentUrl\":\"http:\\\/\\\/www.strapp.de\\\/wordpress\\\/wp-content\\\/uploads\\\/2016\\\/04\\\/P1010525-834x1024.jpg\"},{\"@type\":\"BreadcrumbList\",\"@id\":\"https:\\\/\\\/strapp.de\\\/blog\\\/albtaeler\\\/#breadcrumb\",\"itemListElement\":[{\"@type\":\"ListItem\",\"position\":1,\"name\":\"Startseite\",\"item\":\"https:\\\/\\\/www.strapp.de\\\/wordpress\\\/\"},{\"@type\":\"ListItem\",\"position\":2,\"name\":\"Albt\u00e4ler\"}]},{\"@type\":\"WebSite\",\"@id\":\"https:\\\/\\\/strapp.de\\\/blog\\\/#website\",\"url\":\"https:\\\/\\\/strapp.de\\\/blog\\\/\",\"name\":\"strappradblog\",\"description\":\"siegfried trapp slowblog\",\"publisher\":{\"@id\":\"https:\\\/\\\/strapp.de\\\/blog\\\/#\\\/schema\\\/person\\\/59710c1e63ddfbccb993a17dbeb92abd\"},\"potentialAction\":[{\"@type\":\"SearchAction\",\"target\":{\"@type\":\"EntryPoint\",\"urlTemplate\":\"https:\\\/\\\/strapp.de\\\/blog\\\/?s={search_term_string}\"},\"query-input\":{\"@type\":\"PropertyValueSpecification\",\"valueRequired\":true,\"valueName\":\"search_term_string\"}}],\"inLanguage\":\"de\"},{\"@type\":[\"Person\",\"Organization\"],\"@id\":\"https:\\\/\\\/strapp.de\\\/blog\\\/#\\\/schema\\\/person\\\/59710c1e63ddfbccb993a17dbeb92abd\",\"name\":\"Siegfried Trapp\",\"image\":{\"@type\":\"ImageObject\",\"inLanguage\":\"de\",\"@id\":\"https:\\\/\\\/www.strapp.de\\\/wordpress\\\/wp-content\\\/uploads\\\/2019\\\/10\\\/favi.ico\",\"url\":\"https:\\\/\\\/www.strapp.de\\\/wordpress\\\/wp-content\\\/uploads\\\/2019\\\/10\\\/favi.ico\",\"contentUrl\":\"https:\\\/\\\/www.strapp.de\\\/wordpress\\\/wp-content\\\/uploads\\\/2019\\\/10\\\/favi.ico\",\"width\":16,\"height\":16,\"caption\":\"Siegfried Trapp\"},\"logo\":{\"@id\":\"https:\\\/\\\/www.strapp.de\\\/wordpress\\\/wp-content\\\/uploads\\\/2019\\\/10\\\/favi.ico\"},\"sameAs\":[\"http:\\\/\\\/www.strapp.de\"]}]}<\/script>\n<!-- \/ Yoast SEO plugin. -->","yoast_head_json":{"title":"Albt\u00e4ler\/","robots":{"index":"index","follow":"follow","max-snippet":"max-snippet:-1","max-image-preview":"max-image-preview:large","max-video-preview":"max-video-preview:-1"},"canonical":"https:\/\/strapp.de\/blog\/albtaeler\/","og_locale":"de_DE","og_type":"article","og_title":"Albt\u00e4ler\/","og_description":"Der Rundweg umfasst origin\u00e4r 186 km mit insgesamt 1932 m Anstieg (Originaltrack unten). Er f\u00fchrt durch landschaftlich idyllische Gegenden, abseits gr\u00f6\u00dferer Ortschaften. Dies schr\u00e4nkt auch Unterkunftsm\u00f6glichkeiten und Bierg\u00e4rten ein. Bei H\u00fcrben, einem Stadtteil von Giengen, kann die Charlottenh\u00f6hle, eine 587&nbsp;Meter &hellip; Weiterlesen &rarr;","og_url":"https:\/\/strapp.de\/blog\/albtaeler\/","og_site_name":"strappradblog","article_modified_time":"2025-05-16T22:34:19+00:00","og_image":[{"url":"http:\/\/www.strapp.de\/wordpress\/wp-content\/uploads\/2016\/04\/P1010525-834x1024.jpg","type":"","width":"","height":""}],"twitter_card":"summary_large_image","twitter_misc":{"Gesch\u00e4tzte Lesezeit":"2\u00a0Minuten"},"schema":{"@context":"https:\/\/schema.org","@graph":[{"@type":"WebPage","@id":"https:\/\/strapp.de\/blog\/albtaeler\/","url":"https:\/\/strapp.de\/blog\/albtaeler\/","name":"Albt\u00e4ler\/","isPartOf":{"@id":"https:\/\/strapp.de\/blog\/#website"},"primaryImageOfPage":{"@id":"https:\/\/strapp.de\/blog\/albtaeler\/#primaryimage"},"image":{"@id":"https:\/\/strapp.de\/blog\/albtaeler\/#primaryimage"},"thumbnailUrl":"http:\/\/www.strapp.de\/wordpress\/wp-content\/uploads\/2016\/04\/P1010525-834x1024.jpg","datePublished":"2015-08-01T13:33:27+00:00","dateModified":"2025-05-16T22:34:19+00:00","breadcrumb":{"@id":"https:\/\/strapp.de\/blog\/albtaeler\/#breadcrumb"},"inLanguage":"de","potentialAction":[{"@type":"ReadAction","target":["https:\/\/strapp.de\/blog\/albtaeler\/"]}]},{"@type":"ImageObject","inLanguage":"de","@id":"https:\/\/strapp.de\/blog\/albtaeler\/#primaryimage","url":"http:\/\/www.strapp.de\/wordpress\/wp-content\/uploads\/2016\/04\/P1010525-834x1024.jpg","contentUrl":"http:\/\/www.strapp.de\/wordpress\/wp-content\/uploads\/2016\/04\/P1010525-834x1024.jpg"},{"@type":"BreadcrumbList","@id":"https:\/\/strapp.de\/blog\/albtaeler\/#breadcrumb","itemListElement":[{"@type":"ListItem","position":1,"name":"Startseite","item":"https:\/\/www.strapp.de\/wordpress\/"},{"@type":"ListItem","position":2,"name":"Albt\u00e4ler"}]},{"@type":"WebSite","@id":"https:\/\/strapp.de\/blog\/#website","url":"https:\/\/strapp.de\/blog\/","name":"strappradblog","description":"siegfried trapp slowblog","publisher":{"@id":"https:\/\/strapp.de\/blog\/#\/schema\/person\/59710c1e63ddfbccb993a17dbeb92abd"},"potentialAction":[{"@type":"SearchAction","target":{"@type":"EntryPoint","urlTemplate":"https:\/\/strapp.de\/blog\/?s={search_term_string}"},"query-input":{"@type":"PropertyValueSpecification","valueRequired":true,"valueName":"search_term_string"}}],"inLanguage":"de"},{"@type":["Person","Organization"],"@id":"https:\/\/strapp.de\/blog\/#\/schema\/person\/59710c1e63ddfbccb993a17dbeb92abd","name":"Siegfried Trapp","image":{"@type":"ImageObject","inLanguage":"de","@id":"https:\/\/www.strapp.de\/wordpress\/wp-content\/uploads\/2019\/10\/favi.ico","url":"https:\/\/www.strapp.de\/wordpress\/wp-content\/uploads\/2019\/10\/favi.ico","contentUrl":"https:\/\/www.strapp.de\/wordpress\/wp-content\/uploads\/2019\/10\/favi.ico","width":16,"height":16,"caption":"Siegfried Trapp"},"logo":{"@id":"https:\/\/www.strapp.de\/wordpress\/wp-content\/uploads\/2019\/10\/favi.ico"},"sameAs":["http:\/\/www.strapp.de"]}]}},"_links":{"self":[{"href":"https:\/\/strapp.de\/blog\/wp-json\/wp\/v2\/pages\/1247","targetHints":{"allow":["GET"]}}],"collection":[{"href":"https:\/\/strapp.de\/blog\/wp-json\/wp\/v2\/pages"}],"about":[{"href":"https:\/\/strapp.de\/blog\/wp-json\/wp\/v2\/types\/page"}],"author":[{"embeddable":true,"href":"https:\/\/strapp.de\/blog\/wp-json\/wp\/v2\/users\/1"}],"replies":[{"embeddable":true,"href":"https:\/\/strapp.de\/blog\/wp-json\/wp\/v2\/comments?post=1247"}],"version-history":[{"count":30,"href":"https:\/\/strapp.de\/blog\/wp-json\/wp\/v2\/pages\/1247\/revisions"}],"predecessor-version":[{"id":5546,"href":"https:\/\/strapp.de\/blog\/wp-json\/wp\/v2\/pages\/1247\/revisions\/5546"}],"wp:attachment":[{"href":"https:\/\/strapp.de\/blog\/wp-json\/wp\/v2\/media?parent=1247"}],"curies":[{"name":"wp","href":"https:\/\/api.w.org\/{rel}","templated":true}]}}